{"id":45,"date":"2024-04-10T14:48:21","date_gmt":"2024-04-10T14:48:21","guid":{"rendered":"https:\/\/test.luciomalan.it\/?page_id=45"},"modified":"2024-04-17T15:24:31","modified_gmt":"2024-04-17T15:24:31","slug":"biografia","status":"publish","type":"page","link":"https:\/\/test.luciomalan.it\/index.php\/biografia\/","title":{"rendered":"Biografia"},"content":{"rendered":"\t\t<div data-elementor-type=\"wp-page\" data-elementor-id=\"45\" class=\"elementor elementor-45\" data-elementor-post-type=\"page\">\n\t\t\t\t<div class=\"elementor-element elementor-element-04dccd2 e-flex e-con-boxed e-con e-parent\" data-id=\"04dccd2\" data-element_type=\"container\">\n\t\t\t\t\t<div class=\"e-con-inner\">\n\t\t\t\t<div class=\"elementor-element elementor-element-bf8a59c elementor-widget elementor-widget-spacer\" data-id=\"bf8a59c\" data-element_type=\"widget\" data-widget_type=\"spacer.default\">\n\t\t\t\t<div class=\"elementor-widget-container\">\n\t\t\t\t\t\t\t<div class=\"elementor-spacer\">\n\t\t\t<div class=\"elementor-spacer-inner\"><\/div>\n\t\t<\/div>\n\t\t\t\t\t\t<\/div>\n\t\t\t\t<\/div>\n\t\t\t\t\t<\/div>\n\t\t\t\t<\/div>\n\t\t<div class=\"elementor-element elementor-element-d64f3f7 e-flex e-con-boxed e-con e-parent\" data-id=\"d64f3f7\" data-element_type=\"container\">\n\t\t\t\t\t<div class=\"e-con-inner\">\n\t\t\t\t<div class=\"elementor-element elementor-element-ebdd8cd elementor-widget elementor-widget-heading\" data-id=\"ebdd8cd\" data-element_type=\"widget\" data-widget_type=\"heading.default\">\n\t\t\t\t<div class=\"elementor-widget-container\">\n\t\t\t\t\t<h2 class=\"elementor-heading-title elementor-size-default\"><a href=\"https:\/\/www.youtube.com\/watch?v=FBU6-U2x7-U\">MI PRESENTO<\/a><\/h2>\t\t\t\t<\/div>\n\t\t\t\t<\/div>\n\t\t\t\t\t<\/div>\n\t\t\t\t<\/div>\n\t\t<div class=\"elementor-element elementor-element-824060e e-flex e-con-boxed e-con e-parent\" data-id=\"824060e\" data-element_type=\"container\">\n\t\t\t\t\t<div class=\"e-con-inner\">\n\t\t\t\t<div class=\"elementor-element elementor-element-c4c97eb elementor-widget elementor-widget-text-editor\" data-id=\"c4c97eb\" data-element_type=\"widget\" data-widget_type=\"text-editor.default\">\n\t\t\t\t<div class=\"elementor-widget-container\">\n\t\t\t\t\t\t\t\t\t<p aria-label=\"paragrafo - Sono nato il 30 Luglio 1960 a Luserna San Giovanni, Val Pellice, in provincia di Torino. Anche se da anni la sede principale del mio lavoro \u00e8 Roma, quella che \u00e8 veramente casa mia \u2013 e dove torno quasi tutti i fine settimana \u2013 rimane sempre quella di quel comune di 7mila abitanti.\nMio padre si chiamava Aldo, e fu falegname, operaio, camionista e impiegato in un\u2019azienda siderurgica. Alpino, arruolato nel febbraio 1940, partecipa alle campagne di Francia e dei Balcani, dove lo coglie l\u20198 settembre. Il suo reparto combatte con gravi perdite contro i tedeschi, che alla fine fanno prigionieri i superstiti. Deportato in Germania, rifiuta di aderire alla Repubblica Sociale \u2013 cosa che gli avrebbe permesso di tornare in Italia. Verr\u00e0 liberato dalle truppe americane nella primavera del 1945 dopo 19 mesi di prigionia in cui uno su dieci muore per le condizioni di lavoro e detenzione.\">Sono nato il 30 Luglio 1960 a Luserna San Giovanni, Val Pellice, in provincia di Torino. Anche se da anni la sede principale del mio lavoro \u00e8 Roma, quella che \u00e8 veramente casa mia \u2013 e dove torno quasi tutti i fine settimana \u2013 rimane sempre quella di quel comune di 7mila abitanti.<br \/>Mio padre si chiamava Aldo, e fu falegname, operaio, camionista e impiegato in un\u2019azienda siderurgica. Alpino, arruolato nel febbraio 1940, partecipa alle campagne di Francia e dei Balcani, dove lo coglie l\u20198 settembre. Il suo reparto combatte con gravi perdite contro i tedeschi, che alla fine fanno prigionieri i superstiti. Deportato in Germania, rifiuta di aderire alla Repubblica Sociale \u2013 cosa che gli avrebbe permesso di tornare in Italia. Verr\u00e0 liberato dalle truppe americane nella primavera del 1945 dopo 19 mesi di prigionia in cui uno su dieci muore per le condizioni di lavoro e detenzione.<\/p><p aria-label=\"paragrafo - Mia madre si chiama Enrica Benech Malan, gi\u00e0 apprezzatissima (spero che non legga queste righe perch\u00e9 rifugge le lodi) insegnante elementare, impegnata nelle attivit\u00e0 della Chiesa Valdese. Come mio padre, \u00e8 stata pi\u00f9 volte deputata al Sinodo Valdese.\nGrazie a loro ho imparato \u2013 tra le altre cose \u2013 che \u00e8 meglio essere in pochi, criticati, ma nel giusto, che in tanti, lodati, ma nell\u2019ignavia. Grazie a loro (e grazie a Dio!) sono cristiano e valdese, e con loro ho militato nel movimento di Testimonianza Evangelica Valdese che si impegn\u00f2 per un risveglio spirituale e contro la politicizzazione della Chiesa.\nHo due figli dal mio primo matrimonio: la maggiore \u00e8 laureata in psicologia, il minore \u00e8 fumettista autore della collana Potpourri comics. Dal 2005 sono sposato con Maria e nel 2013 abbiamo avuto la gioia di una figlia.\">Mia madre si chiama Enrica Benech Malan, gi\u00e0 apprezzatissima (spero che non legga queste righe perch\u00e9 rifugge le lodi) insegnante elementare, impegnata nelle attivit\u00e0 della Chiesa Valdese. Come mio padre, \u00e8 stata pi\u00f9 volte deputata al Sinodo Valdese.<br \/>Grazie a loro ho imparato \u2013 tra le altre cose \u2013 che \u00e8 meglio essere in pochi, criticati, ma nel giusto, che in tanti, lodati, ma nell\u2019ignavia. Grazie a loro (e grazie a Dio!) sono cristiano e valdese, e con loro ho militato nel movimento di Testimonianza Evangelica Valdese che si impegn\u00f2 per un risveglio spirituale e contro la politicizzazione della Chiesa.<br \/>Ho due figli dal mio primo matrimonio: la maggiore \u00e8 laureata in psicologia, il minore \u00e8 fumettista autore della collana Potpourri comics. Dal 2005 sono sposato con Maria e nel 2013 abbiamo avuto la gioia di una figlia.<\/p>\t\t\t\t\t\t\t\t<\/div>\n\t\t\t\t<\/div>\n\t\t\t\t<div class=\"elementor-element elementor-element-41b9c77 elementor-widget elementor-widget-toggle\" data-id=\"41b9c77\" data-element_type=\"widget\" data-widget_type=\"toggle.default\">\n\t\t\t\t<div class=\"elementor-widget-container\">\n\t\t\t\t\t\t\t<div class=\"elementor-toggle\">\n\t\t\t\t\t\t\t<div class=\"elementor-toggle-item\">\n\t\t\t\t\t<div id=\"elementor-tab-title-6891\" class=\"elementor-tab-title\" data-tab=\"1\" role=\"button\" aria-controls=\"elementor-tab-content-6891\" aria-expanded=\"false\">\n\t\t\t\t\t\t\t\t\t\t\t\t<span class=\"elementor-toggle-icon elementor-toggle-icon-left\" aria-hidden=\"true\">\n\t\t\t\t\t\t\t\t\t\t\t\t\t\t\t<span class=\"elementor-toggle-icon-closed\"><svg class=\"e-font-icon-svg e-fas-caret-right\" viewBox=\"0 0 192 512\" xmlns=\"http:\/\/www.w3.org\/2000\/svg\"><path d=\"M0 384.662V127.338c0-17.818 21.543-26.741 34.142-14.142l128.662 128.662c7.81 7.81 7.81 20.474 0 28.284L34.142 398.804C21.543 411.404 0 402.48 0 384.662z\"><\/path><\/svg><\/span>\n\t\t\t\t\t\t\t\t<span class=\"elementor-toggle-icon-opened\"><svg class=\"elementor-toggle-icon-opened e-font-icon-svg e-fas-caret-up\" viewBox=\"0 0 320 512\" xmlns=\"http:\/\/www.w3.org\/2000\/svg\"><path d=\"M288.662 352H31.338c-17.818 0-26.741-21.543-14.142-34.142l128.662-128.662c7.81-7.81 20.474-7.81 28.284 0l128.662 128.662c12.6 12.599 3.676 34.142-14.142 34.142z\"><\/path><\/svg><\/span>\n\t\t\t\t\t\t\t\t\t\t\t\t\t<\/span>\n\t\t\t\t\t\t\t\t\t\t\t\t<a class=\"elementor-toggle-title\" tabindex=\"0\">STUDI<\/a>\n\t\t\t\t\t<\/div>\n\n\t\t\t\t\t<div id=\"elementor-tab-content-6891\" class=\"elementor-tab-content elementor-clearfix\" data-tab=\"1\" role=\"region\" aria-labelledby=\"elementor-tab-title-6891\"><p aria-label=\"paragrafo - 1979: Maturit\u00e0 Classica.\">1979: Maturit\u00e0 Classica.<\/p><p aria-label=\"paragrafo - 1983: Laurea in Lettere ad indirizzo filologico classico conseguita a Torino, con tesi consistente nella nuova edizione di un papiro alessandrino greco contenente un commentario alle Filippiche di Demostene.\">1983: Laurea in Lettere ad indirizzo filologico classico conseguita a Torino, con tesi consistente nella nuova edizione di un papiro alessandrino greco contenente un commentario alle Filippiche di Demostene.<\/p><p aria-label=\"paragrafo - 1989-1990: Frequentato corso di Master in Storia presso la \u201cUniversity of Nevada\u201d (Las Vegas).\">1989-1990: Frequentato corso di Master in Storia presso la \u201cUniversity of Nevada\u201d (Las Vegas).<\/p><\/div>\n\t\t\t\t<\/div>\n\t\t\t\t\t\t\t<div class=\"elementor-toggle-item\">\n\t\t\t\t\t<div id=\"elementor-tab-title-6892\" class=\"elementor-tab-title\" data-tab=\"2\" role=\"button\" aria-controls=\"elementor-tab-content-6892\" aria-expanded=\"false\">\n\t\t\t\t\t\t\t\t\t\t\t\t<span class=\"elementor-toggle-icon elementor-toggle-icon-left\" aria-hidden=\"true\">\n\t\t\t\t\t\t\t\t\t\t\t\t\t\t\t<span class=\"elementor-toggle-icon-closed\"><svg class=\"e-font-icon-svg e-fas-caret-right\" viewBox=\"0 0 192 512\" xmlns=\"http:\/\/www.w3.org\/2000\/svg\"><path d=\"M0 384.662V127.338c0-17.818 21.543-26.741 34.142-14.142l128.662 128.662c7.81 7.81 7.81 20.474 0 28.284L34.142 398.804C21.543 411.404 0 402.48 0 384.662z\"><\/path><\/svg><\/span>\n\t\t\t\t\t\t\t\t<span class=\"elementor-toggle-icon-opened\"><svg class=\"elementor-toggle-icon-opened e-font-icon-svg e-fas-caret-up\" viewBox=\"0 0 320 512\" xmlns=\"http:\/\/www.w3.org\/2000\/svg\"><path d=\"M288.662 352H31.338c-17.818 0-26.741-21.543-14.142-34.142l128.662-128.662c7.81-7.81 20.474-7.81 28.284 0l128.662 128.662c12.6 12.599 3.676 34.142-14.142 34.142z\"><\/path><\/svg><\/span>\n\t\t\t\t\t\t\t\t\t\t\t\t\t<\/span>\n\t\t\t\t\t\t\t\t\t\t\t\t<a class=\"elementor-toggle-title\" tabindex=\"0\">SERVIZIO MILITARE<\/a>\n\t\t\t\t\t<\/div>\n\n\t\t\t\t\t<div id=\"elementor-tab-content-6892\" class=\"elementor-tab-content elementor-clearfix\" data-tab=\"2\" role=\"region\" aria-labelledby=\"elementor-tab-title-6892\"><p>1983-1984: Carabiniere ausiliario presso la Stazione di Moncalieri.<\/p><\/div>\n\t\t\t\t<\/div>\n\t\t\t\t\t\t\t<div class=\"elementor-toggle-item\">\n\t\t\t\t\t<div id=\"elementor-tab-title-6893\" class=\"elementor-tab-title\" data-tab=\"3\" role=\"button\" aria-controls=\"elementor-tab-content-6893\" aria-expanded=\"false\">\n\t\t\t\t\t\t\t\t\t\t\t\t<span class=\"elementor-toggle-icon elementor-toggle-icon-left\" aria-hidden=\"true\">\n\t\t\t\t\t\t\t\t\t\t\t\t\t\t\t<span class=\"elementor-toggle-icon-closed\"><svg class=\"e-font-icon-svg e-fas-caret-right\" viewBox=\"0 0 192 512\" xmlns=\"http:\/\/www.w3.org\/2000\/svg\"><path d=\"M0 384.662V127.338c0-17.818 21.543-26.741 34.142-14.142l128.662 128.662c7.81 7.81 7.81 20.474 0 28.284L34.142 398.804C21.543 411.404 0 402.48 0 384.662z\"><\/path><\/svg><\/span>\n\t\t\t\t\t\t\t\t<span class=\"elementor-toggle-icon-opened\"><svg class=\"elementor-toggle-icon-opened e-font-icon-svg e-fas-caret-up\" viewBox=\"0 0 320 512\" xmlns=\"http:\/\/www.w3.org\/2000\/svg\"><path d=\"M288.662 352H31.338c-17.818 0-26.741-21.543-14.142-34.142l128.662-128.662c7.81-7.81 20.474-7.81 28.284 0l128.662 128.662c12.6 12.599 3.676 34.142-14.142 34.142z\"><\/path><\/svg><\/span>\n\t\t\t\t\t\t\t\t\t\t\t\t\t<\/span>\n\t\t\t\t\t\t\t\t\t\t\t\t<a class=\"elementor-toggle-title\" tabindex=\"0\">ESPERIENZE LAVORATIVE<\/a>\n\t\t\t\t\t<\/div>\n\n\t\t\t\t\t<div id=\"elementor-tab-content-6893\" class=\"elementor-tab-content elementor-clearfix\" data-tab=\"3\" role=\"region\" aria-labelledby=\"elementor-tab-title-6893\"><p aria-label=\"paragrafo - 1975-1989:\u00a0Istruttore e allenatore di nuoto, dirigo la gestione di due piscine comunali in provincia di Torino. Conseguo i diplomi di allenatore di nuoto e maestro di salvamento.\nDivento prima docente federale e poi responsabile regionale di Nuoto per Salvamento, primi soccorsi e rianimazione, dirigente sportivo, e collaboratore scientifico del centro iperbarico dell\u2019Universit\u00e0 di Chieti.\nVengo eletto per due volte consigliere regionale della Federazione Italiana Nuoto. Negli stessi anni sono corrispondente di vari giornali locali e, dal 1983 al 1985, conduttore di trasmissioni sportive in una Tv locale e a Radio Italia Uno di Torino.\">1975-1989:\u00a0Istruttore e allenatore di nuoto, dirigo la gestione di due piscine comunali in provincia di Torino. Conseguo i diplomi di allenatore di nuoto e maestro di salvamento.<br \/>Divento prima docente federale e poi responsabile regionale di Nuoto per Salvamento, primi soccorsi e rianimazione, dirigente sportivo, e collaboratore scientifico del centro iperbarico dell\u2019Universit\u00e0 di Chieti.<br \/>Vengo eletto per due volte consigliere regionale della Federazione Italiana Nuoto. Negli stessi anni sono corrispondente di vari giornali locali e, dal 1983 al 1985, conduttore di trasmissioni sportive in una Tv locale e a Radio Italia Uno di Torino.<\/p><p aria-label=\"paragrafo - 1984-1989: Insegnante e, dal 1987, vice preside del Liceo Classico e Linguistico Valdese di Torre Pellice fondato nel 1831.\">1984-1989: Insegnante e, dal 1987, vice preside del Liceo Classico e Linguistico Valdese di Torre Pellice fondato nel 1831.<\/p><p aria-label=\"paragrafo - 1990: Tutor-assistant presso la \u201cUniversity of Nevada\u201d di Las Vegas.\">1990: Tutor-assistant presso la \u201cUniversity of Nevada\u201d di Las Vegas.<\/p><p aria-label=\"paragrafo - 1990-1998: Guest speaker di Italian History and Culture presso la \u201cUniversity Studies Abroad Consortium\u201d (consorzio di universit\u00e0 dell\u2019Ovest degli Usa) in Torino.\">1990-1998: Guest speaker di Italian History and Culture presso la \u201cUniversity Studies Abroad Consortium\u201d (consorzio di universit\u00e0 dell\u2019Ovest degli Usa) in Torino.<\/p><p aria-label=\"paragrafo - Dal 1990 al 1991, sono Docente di Italian Language presso lo stesso USAC.\">Dal 1990 al 1991, sono Docente di Italian Language presso lo stesso USAC.<\/p><p aria-label=\"paragrafo - 1991-1992: Assunto nel febbraio \u201991 all\u2019Istituto Bancario Sanpaolo di Torino (classificato quarto su diecimila iscritti al concorso), dall\u2019aprile seguente sono cambista valutario nella sala cambi internazionali, dove da agosto \u201992 sono responsabile degli swap a brevissimo termine. Lascio il lavoro per assumere il mio primo incarico politico:\">1991-1992: Assunto nel febbraio \u201991 all\u2019Istituto Bancario Sanpaolo di Torino (classificato quarto su diecimila iscritti al concorso), dall\u2019aprile seguente sono cambista valutario nella sala cambi internazionali, dove da agosto \u201992 sono responsabile degli swap a brevissimo termine. Lascio il lavoro per assumere il mio primo incarico politico:<\/p><p aria-label=\"paragrafo - 1992-1993: Responsabile organizzativo e della Segreteria politica della Lega Nord Piemonte.\">1992-1993: Responsabile organizzativo e della Segreteria politica della Lega Nord Piemonte.<\/p><p aria-label=\"paragrafo - 1994-1996: Deputato della Lega Nord.\">1994-1996: Deputato della Lega Nord.<\/p><p aria-label=\"paragrafo - 1996-1997: Superato il concorso, divento Docente di ruolo di materie letterarie e latino presso il Liceo Classico e Linguistico Valdese di Torre Pellice e in licei pubblici.\">1996-1997: Superato il concorso, divento Docente di ruolo di materie letterarie e latino presso il Liceo Classico e Linguistico Valdese di Torre Pellice e in licei pubblici.<\/p><p aria-label=\"paragrafo - Nel 1997 chiedo l\u2019aspettativa per motivi di famiglia, che mi viene negata dal preside militante di sinistra. In conseguenza di ci\u00f2, mi dimetto per poter assumere le funzioni di:\n1997-1998: Responsabile Ufficio Studi sul finanziamento pubblico allo spettacolo di Forza Italia, fondato e promosso dall\u2019on. Giuseppe Rossetto, e\n1998-2008: Dirigente Nazionale Ufficio Propaganda di Forza Italia.\n2001 \u2013 oggi: Senatore.\">Nel 1997 chiedo l\u2019aspettativa per motivi di famiglia, che mi viene negata dal preside militante di sinistra. In conseguenza di ci\u00f2, mi dimetto per poter assumere le funzioni di:<br \/>1997-1998: Responsabile Ufficio Studi sul finanziamento pubblico allo spettacolo di Forza Italia, fondato e promosso dall\u2019on. Giuseppe Rossetto, e<br \/>1998-2008: Dirigente Nazionale Ufficio Propaganda di Forza Italia.<br \/>2001 \u2013 oggi: Senatore.<\/p><\/div>\n\t\t\t\t<\/div>\n\t\t\t\t\t\t\t<div class=\"elementor-toggle-item\">\n\t\t\t\t\t<div id=\"elementor-tab-title-6894\" class=\"elementor-tab-title\" data-tab=\"4\" role=\"button\" aria-controls=\"elementor-tab-content-6894\" aria-expanded=\"false\">\n\t\t\t\t\t\t\t\t\t\t\t\t<span class=\"elementor-toggle-icon elementor-toggle-icon-left\" aria-hidden=\"true\">\n\t\t\t\t\t\t\t\t\t\t\t\t\t\t\t<span class=\"elementor-toggle-icon-closed\"><svg class=\"e-font-icon-svg e-fas-caret-right\" viewBox=\"0 0 192 512\" xmlns=\"http:\/\/www.w3.org\/2000\/svg\"><path d=\"M0 384.662V127.338c0-17.818 21.543-26.741 34.142-14.142l128.662 128.662c7.81 7.81 7.81 20.474 0 28.284L34.142 398.804C21.543 411.404 0 402.48 0 384.662z\"><\/path><\/svg><\/span>\n\t\t\t\t\t\t\t\t<span class=\"elementor-toggle-icon-opened\"><svg class=\"elementor-toggle-icon-opened e-font-icon-svg e-fas-caret-up\" viewBox=\"0 0 320 512\" xmlns=\"http:\/\/www.w3.org\/2000\/svg\"><path d=\"M288.662 352H31.338c-17.818 0-26.741-21.543-14.142-34.142l128.662-128.662c7.81-7.81 20.474-7.81 28.284 0l128.662 128.662c12.6 12.599 3.676 34.142-14.142 34.142z\"><\/path><\/svg><\/span>\n\t\t\t\t\t\t\t\t\t\t\t\t\t<\/span>\n\t\t\t\t\t\t\t\t\t\t\t\t<a class=\"elementor-toggle-title\" tabindex=\"0\">ESPERIENZA POLITICA NAZIONALE<\/a>\n\t\t\t\t\t<\/div>\n\n\t\t\t\t\t<div id=\"elementor-tab-content-6894\" class=\"elementor-tab-content elementor-clearfix\" data-tab=\"4\" role=\"region\" aria-labelledby=\"elementor-tab-title-6894\"><p aria-label=\"paragrafo - 1992: Il 27-28 marzo vengo eletto alla Camera con 40.746 voti (44,73 %) nelle liste del Polo delle Libert\u00e0 \u2013 Lega Nord, collegio uninominale di Pinerolo.\nIl 21 ottobre esco dalla Lega nel tentativo di evitare la rottura dell\u2019alleanza del Polo delle Libert\u00e0 e la conseguente formazione del Governo Dini sostenuto dalle sinistre.\nA dicembre fondo il Gruppo Federalisti Liberal Democratici, che raccoglie sostenitori di varie provenienze del Polo delle Libert\u00e0.\n1995: Il 9 marzo vengo eletto Segretario di Presidenza della Camera.\n1996: Aderisco a Forza Italia, con la quale sono candidato sconfitto alla Camera nel Collegio di Pinerolo.\n1997: Il 3 aprile ricevo dal Presidente di Forza Italia Silvio Berlusconi l\u2019incarico di formare e dirigere l\u2019Ufficio Propaganda. Partecipo quindi all\u2019organizzazione e al coordinamento della comunicazione e delle campagne elettorali, coordino migliaia di manifestazioni locali, realizzo e gestisco campagne di affissioni, contribuisco alla realizzazione di spot televisivi e radiofonici, di inserzioni sui periodici, e di materiale vario di divulgazione dell\u2019attivit\u00e0 del partito e del Governo.\nDivento membro del Comitato di Presidenza di Forza Italia.\n2001: Il 13 maggio vengo eletto Senatore nel collegio Pinerolo-Susa con 66.131 voti (41,2%).\n2001 \u2013 2013: Sono membro della Commissione Affari Costituzionali, dove sono relatore di vari disegni di legge sulla comunicazione politica, di leggi elettorali, della legge sulla dirigenza della pubblica amministrazione, di otto intese con confessioni religiose e molti altri provvedimenti.\n2002-2006: Sono vice presidente del Gruppo Forza Italia e responsabile dell\u2019attivit\u00e0 d\u2019aula emembro della Commissione Affari Costituzionali. Durante il mio mandato, in trentamila votazioni la maggioranza viene battuta una sola volta, in un singolo emendamento (alla Camera, nello stesso periodo, la maggioranza \u201cva sotto\u201d 99 volte).\n2005-2006: Sono membro della Commissione di Vigilanza RAI.\">1992: Il 27-28 marzo vengo eletto alla Camera con 40.746 voti (44,73 %) nelle liste del Polo delle Libert\u00e0 \u2013 Lega Nord, collegio uninominale di Pinerolo.<br \/>Il 21 ottobre esco dalla Lega nel tentativo di evitare la rottura dell\u2019alleanza del Polo delle Libert\u00e0 e la conseguente formazione del Governo Dini sostenuto dalle sinistre.<br \/>A dicembre fondo il Gruppo Federalisti Liberal Democratici, che raccoglie sostenitori di varie provenienze del Polo delle Libert\u00e0.<br \/>1995: Il 9 marzo vengo eletto Segretario di Presidenza della Camera.<br \/>1996: Aderisco a Forza Italia, con la quale sono candidato sconfitto alla Camera nel Collegio di Pinerolo.<br \/>1997: Il 3 aprile ricevo dal Presidente di Forza Italia Silvio Berlusconi l\u2019incarico di formare e dirigere l\u2019Ufficio Propaganda. Partecipo quindi all\u2019organizzazione e al coordinamento della comunicazione e delle campagne elettorali, coordino migliaia di manifestazioni locali, realizzo e gestisco campagne di affissioni, contribuisco alla realizzazione di spot televisivi e radiofonici, di inserzioni sui periodici, e di materiale vario di divulgazione dell\u2019attivit\u00e0 del partito e del Governo.<br \/>Divento membro del Comitato di Presidenza di Forza Italia.<br \/>2001: Il 13 maggio vengo eletto Senatore nel collegio Pinerolo-Susa con 66.131 voti (41,2%).<br \/>2001 \u2013 2013: Sono membro della Commissione Affari Costituzionali, dove sono relatore di vari disegni di legge sulla comunicazione politica, di leggi elettorali, della legge sulla dirigenza della pubblica amministrazione, di otto intese con confessioni religiose e molti altri provvedimenti.<br \/>2002-2006: Sono vice presidente del Gruppo Forza Italia e responsabile dell\u2019attivit\u00e0 d\u2019aula emembro della Commissione Affari Costituzionali. Durante il mio mandato, in trentamila votazioni la maggioranza viene battuta una sola volta, in un singolo emendamento (alla Camera, nello stesso periodo, la maggioranza \u201cva sotto\u201d 99 volte).<br \/>2005-2006: Sono membro della Commissione di Vigilanza RAI.<\/p><p aria-label=\"paragrafo - Rieletto senatore del Piemonte il 9 aprile 2006, il 4 maggio vengo eletto Segretario alla Presidenza del Senato.\nDa maggio 2006 fino ad oggi, faccio parte della Giunta delle Elezioni e delle immunita\u2019 parlamentari, e del Comitato parlamentare per i procedimenti di accusa. Dal 2006 al 2008 sono componente del Comitato per la Semplificazione Legislativa..\nIl 13 aprile 2008 vengo rieletto Senatore del Piemonte. Nel maggio maggio sono rieletto Segretario alla Presidenza del Senato e divento membro della Commissione Territorio, Ambiente e Beni Ambientali.\nDa luglio sono membro del Comitato per la Sicurezza del Senato.\">Rieletto senatore del Piemonte il 9 aprile 2006, il 4 maggio vengo eletto Segretario alla Presidenza del Senato.<br \/>Da maggio 2006 fino ad oggi, faccio parte della Giunta delle Elezioni e delle immunita\u2019 parlamentari, e del Comitato parlamentare per i procedimenti di accusa. Dal 2006 al 2008 sono componente del Comitato per la Semplificazione Legislativa..<br \/>Il 13 aprile 2008 vengo rieletto Senatore del Piemonte. Nel maggio maggio sono rieletto Segretario alla Presidenza del Senato e divento membro della Commissione Territorio, Ambiente e Beni Ambientali.<br \/>Da luglio sono membro del Comitato per la Sicurezza del Senato.<\/p><p aria-label=\"paragrafo - Il 24 febbraio 2013 vengo eletto per il mio quarto mandato al Senato come capolista\u00a0nel Popolo della Libert\u00e0 in Piemonte. A\u00a0marzo vengo eletto Questore del Senato. Nei cinque anni di legislatura faccio parte di diverse Commissioni permanenti. Affari Costituzionali, Giustizia, Esteri, Difesa e Bilancio.\">Il 24 febbraio 2013 vengo eletto per il mio quarto mandato al Senato come capolista\u00a0nel Popolo della Libert\u00e0 in Piemonte. A\u00a0marzo vengo eletto Questore del Senato. Nei cinque anni di legislatura faccio parte di diverse Commissioni permanenti. Affari Costituzionali, Giustizia, Esteri, Difesa e Bilancio.<\/p><p aria-label=\"paragrafo - Il 4 marzo 2018 sono eletto per la quinta volta al Senato e il 23 marzo divento vice presidente vicario del Gruppo Forza Italia.\">Il 4 marzo 2018 sono eletto per la quinta volta al Senato e il 23 marzo divento vice presidente vicario del Gruppo Forza Italia.<\/p><p>Il 19 luglio 2021 aderisco a Fratelli d\u2019Italia, scegliendo l\u2019opposizione al Governo Draghi,\u00a0<a href=\"https:\/\/www.luciomalan.it\/troppa-continuita-con-il-governo-precedente-scelta-di-opposizione-di-giorgia-meloni-coerente-e-lungimirante\/\" aria-label=\"vai alla sezione - perch\u00e8 fermamente contrario a una serie di posizioni e misure che ha assunto.\">perch\u00e8 fermamente contrario a una serie di posizioni e misure che ha assunto.<\/a><\/p><p><a href=\"https:\/\/www.luciomalan.it\/biografia\/aula-bilancio-3\/\" rel=\"attachment wp-att-38080\" aria-label=\"vai alla sezione - \"><img fetchpriority=\"high\" decoding=\"async\" class=\" wp-image-38080\" src=\"https:\/\/www.luciomalan.it\/wp-content\/uploads\/2021\/03\/20160720_AulaBilancio_2534_hd-scaled.jpg\" sizes=\"(max-width: 366px) 100vw, 366px\" srcset=\"https:\/\/www.luciomalan.it\/wp-content\/uploads\/2021\/03\/20160720_AulaBilancio_2534_hd-scaled.jpg 2560w, https:\/\/www.luciomalan.it\/wp-content\/uploads\/2021\/03\/20160720_AulaBilancio_2534_hd-300x200.jpg 300w, https:\/\/www.luciomalan.it\/wp-content\/uploads\/2021\/03\/20160720_AulaBilancio_2534_hd-1024x683.jpg 1024w, https:\/\/www.luciomalan.it\/wp-content\/uploads\/2021\/03\/20160720_AulaBilancio_2534_hd-150x100.jpg 150w, https:\/\/www.luciomalan.it\/wp-content\/uploads\/2021\/03\/20160720_AulaBilancio_2534_hd-768x512.jpg 768w, https:\/\/www.luciomalan.it\/wp-content\/uploads\/2021\/03\/20160720_AulaBilancio_2534_hd-1536x1024.jpg 1536w, https:\/\/www.luciomalan.it\/wp-content\/uploads\/2021\/03\/20160720_AulaBilancio_2534_hd-2048x1365.jpg 2048w\" alt=\"\" width=\"366\" height=\"244\" aria-hidden=\"true\" \/><\/a>\u00a0\u00a0 \u00a0\u00a0<a href=\"https:\/\/www.luciomalan.it\/galleria\/allegato-di-posta-elettronica-1\/\" rel=\"attachment wp-att-17174\" aria-label=\"vai alla sezione - \"><img decoding=\"async\" class=\" wp-image-17174\" src=\"https:\/\/www.luciomalan.it\/wp-content\/uploads\/2015\/05\/Allegato-di-posta-elettronica-1.jpeg\" sizes=\"(max-width: 280px) 100vw, 280px\" srcset=\"https:\/\/www.luciomalan.it\/wp-content\/uploads\/2015\/05\/Allegato-di-posta-elettronica-1.jpeg 489w, https:\/\/www.luciomalan.it\/wp-content\/uploads\/2015\/05\/Allegato-di-posta-elettronica-1-150x132.jpeg 150w, https:\/\/www.luciomalan.it\/wp-content\/uploads\/2015\/05\/Allegato-di-posta-elettronica-1-300x264.jpeg 300w\" alt=\"\" width=\"280\" height=\"247\" aria-hidden=\"true\" \/><\/a><a href=\"https:\/\/www.luciomalan.it\/tav-malan-fi-governo-ascolti-italia-che-lavora\/a1a77f55-7d9a-419c-a5f0-8bd6df042e08\/\" rel=\"attachment wp-att-30998\" aria-label=\"vai alla sezione - \"><img decoding=\"async\" class=\"alignleft wp-image-30998\" src=\"https:\/\/www.luciomalan.it\/wp-content\/uploads\/2018\/11\/A1A77F55-7D9A-419C-A5F0-8BD6DF042E08.jpeg\" sizes=\"(max-width: 323px) 100vw, 323px\" srcset=\"https:\/\/www.luciomalan.it\/wp-content\/uploads\/2018\/11\/A1A77F55-7D9A-419C-A5F0-8BD6DF042E08.jpeg 1600w, https:\/\/www.luciomalan.it\/wp-content\/uploads\/2018\/11\/A1A77F55-7D9A-419C-A5F0-8BD6DF042E08-150x113.jpeg 150w, https:\/\/www.luciomalan.it\/wp-content\/uploads\/2018\/11\/A1A77F55-7D9A-419C-A5F0-8BD6DF042E08-300x225.jpeg 300w, https:\/\/www.luciomalan.it\/wp-content\/uploads\/2018\/11\/A1A77F55-7D9A-419C-A5F0-8BD6DF042E08-768x576.jpeg 768w, https:\/\/www.luciomalan.it\/wp-content\/uploads\/2018\/11\/A1A77F55-7D9A-419C-A5F0-8BD6DF042E08-1024x768.jpeg 1024w, https:\/\/www.luciomalan.it\/wp-content\/uploads\/2018\/11\/A1A77F55-7D9A-419C-A5F0-8BD6DF042E08-600x450.jpeg 600w\" alt=\"\" width=\"323\" height=\"242\" aria-hidden=\"true\" \/><\/a><\/p><\/div>\n\t\t\t\t<\/div>\n\t\t\t\t\t\t\t<div class=\"elementor-toggle-item\">\n\t\t\t\t\t<div id=\"elementor-tab-title-6895\" class=\"elementor-tab-title\" data-tab=\"5\" role=\"button\" aria-controls=\"elementor-tab-content-6895\" aria-expanded=\"false\">\n\t\t\t\t\t\t\t\t\t\t\t\t<span class=\"elementor-toggle-icon elementor-toggle-icon-left\" aria-hidden=\"true\">\n\t\t\t\t\t\t\t\t\t\t\t\t\t\t\t<span class=\"elementor-toggle-icon-closed\"><svg class=\"e-font-icon-svg e-fas-caret-right\" viewBox=\"0 0 192 512\" xmlns=\"http:\/\/www.w3.org\/2000\/svg\"><path d=\"M0 384.662V127.338c0-17.818 21.543-26.741 34.142-14.142l128.662 128.662c7.81 7.81 7.81 20.474 0 28.284L34.142 398.804C21.543 411.404 0 402.48 0 384.662z\"><\/path><\/svg><\/span>\n\t\t\t\t\t\t\t\t<span class=\"elementor-toggle-icon-opened\"><svg class=\"elementor-toggle-icon-opened e-font-icon-svg e-fas-caret-up\" viewBox=\"0 0 320 512\" xmlns=\"http:\/\/www.w3.org\/2000\/svg\"><path d=\"M288.662 352H31.338c-17.818 0-26.741-21.543-14.142-34.142l128.662-128.662c7.81-7.81 20.474-7.81 28.284 0l128.662 128.662c12.6 12.599 3.676 34.142-14.142 34.142z\"><\/path><\/svg><\/span>\n\t\t\t\t\t\t\t\t\t\t\t\t\t<\/span>\n\t\t\t\t\t\t\t\t\t\t\t\t<a class=\"elementor-toggle-title\" tabindex=\"0\">ESPERIENZA POLITICA INTERNAZIONALE<\/a>\n\t\t\t\t\t<\/div>\n\n\t\t\t\t\t<div id=\"elementor-tab-content-6895\" class=\"elementor-tab-content elementor-clearfix\" data-tab=\"5\" role=\"region\" aria-labelledby=\"elementor-tab-title-6895\"><p aria-label=\"paragrafo - Nell\u2019Assemblea NATO sono stato relatore nell\u2019assemblea planaria su vari temi, tra cui, Russia, Bielorussia e Ucraina, nonch\u00e9 osservatore internazionale a elezioni in vari paesi, tra cui Afghanistan, Kazakhstan, Serbia, Turchia e Ucraina, dove \u2013 da capo delegazione,- fui tra i protagonisti dell\u2019annullamento per irregolarit\u00e0 del secondo turno delle elezioni presidenziali del 2004.\">Nell\u2019Assemblea NATO sono stato relatore nell\u2019assemblea planaria su vari temi, tra cui, Russia, Bielorussia e Ucraina, nonch\u00e9 osservatore internazionale a elezioni in vari paesi, tra cui Afghanistan, Kazakhstan, Serbia, Turchia e Ucraina, dove \u2013 da capo delegazione,- fui tra i protagonisti dell\u2019annullamento per irregolarit\u00e0 del secondo turno delle elezioni presidenziali del 2004.<\/p><p aria-label=\"paragrafo - \">\u00a0<\/p><p aria-label=\"paragrafo - 1994: A novembre partecipo a Washington e in Virginia all\u2019incontro di 7 giorni organizzato dal Congresso degli Stati Uniti per giovani leader politici.\nNello stesso anno comincia la mia partecipazione ai congressi e ai gruppi di lavoro sulla comunicazione del Partito Popolare Europeo.\n2001-2006: Membro dell\u2019Assemblea Parlamentare della NATO.\n2002-2006: Vice presidente della Commissione Dimensione Civile della Sicurezza dell\u2019Assemblea Parlamentare della NATO: in quanto tale partecipo ai lavori e ai seminari di studio in gran parte dei paesi della NATO (Albania, Armenia, Azerbaijan, Bulgaria, Croazia, Georgia, Kossovo, Norvegia, Russia, Serbia e Montenegro, Svizzera, Ucraina).\n2003-2004: Capo della delegazione dell\u2019Assemblea Parlamentare della NATO per il monitoraggio dei tre turni delle elezioni presidenziali in Ucraina.\n2005: Capo della delegazione dell\u2019Assemblea Parlamentare della NATO per il monitoraggio delle elezioni del Parlamento dell\u2019Afghanistan.\n2006-2008: Membro dell\u2019Assemblea Parlamentare del Consiglio d\u2019Europa e dell\u2019Assemblea dell\u2019Unione Europa Occidentale.\n2008: Riconfermato membro dell\u2019Assemblea Parlamentare della NATO.\n2008-2010 Vicepresidente del Comitato Interparlamentare per il Tibet.\n2009: Il Gruppo Italiano dell\u2019Unione Interparlamentare mi designa Presidente della Sezione bilaterale di amicizia Italia-Africa Orientale.\nDal 2013: Presidente del Gruppo interparlamentare di amicizia Italia-Taiwan.\">1994: A novembre partecipo a Washington e in Virginia all\u2019incontro di 7 giorni organizzato dal Congresso degli Stati Uniti per giovani leader politici.<br \/>Nello stesso anno comincia la mia partecipazione ai congressi e ai gruppi di lavoro sulla comunicazione del Partito Popolare Europeo.<br \/>2001-2006: Membro dell\u2019Assemblea Parlamentare della NATO.<br \/>2002-2006: Vice presidente della Commissione Dimensione Civile della Sicurezza dell\u2019Assemblea Parlamentare della NATO: in quanto tale partecipo ai lavori e ai seminari di studio in gran parte dei paesi della NATO (Albania, Armenia, Azerbaijan, Bulgaria, Croazia, Georgia, Kossovo, Norvegia, Russia, Serbia e Montenegro, Svizzera, Ucraina).<br \/>2003-2004: Capo della delegazione dell\u2019Assemblea Parlamentare della NATO per il monitoraggio dei tre turni delle elezioni presidenziali in Ucraina.<br \/>2005: Capo della delegazione dell\u2019Assemblea Parlamentare della NATO per il monitoraggio delle elezioni del Parlamento dell\u2019Afghanistan.<br \/>2006-2008: Membro dell\u2019Assemblea Parlamentare del Consiglio d\u2019Europa e dell\u2019Assemblea dell\u2019Unione Europa Occidentale.<br \/>2008: Riconfermato membro dell\u2019Assemblea Parlamentare della NATO.<br \/>2008-2010 Vicepresidente del Comitato Interparlamentare per il Tibet.<br \/>2009: Il Gruppo Italiano dell\u2019Unione Interparlamentare mi designa Presidente della Sezione bilaterale di amicizia Italia-Africa Orientale.<br \/>Dal 2013: Presidente del Gruppo interparlamentare di amicizia Italia-Taiwan.<\/p><p aria-label=\"paragrafo - Dal 2018: Presidente del Gruppo interparlamentare di amicizia Italia-Israele.\">Dal 2018: Presidente del Gruppo interparlamentare di amicizia Italia-Israele.<\/p><p aria-label=\"paragrafo - Partecipo a numerose iniziative di amicizia con Israele in Italia, Israele e altri paesi.\">Partecipo a numerose iniziative di amicizia con Israele in Italia, Israele e altri paesi.<\/p><p aria-label=\"paragrafo - Sono componente dei congressi del Partito Popolare Europeo di Dublino 2014, Madrid 2015, Malta 2017, Helsinki 2018, Zagabria 2019.\">Sono componente dei congressi del Partito Popolare Europeo di Dublino 2014, Madrid 2015, Malta 2017, Helsinki 2018, Zagabria 2019.<\/p><p aria-label=\"paragrafo - Partecipo al National Prayer Breakfast di Washington, alla presenza del Presidente degli Stati Uniti, nbel 1999, 2017 e 2020.\">Partecipo al National Prayer Breakfast di Washington, alla presenza del Presidente degli Stati Uniti, nbel 1999, 2017 e 2020.<\/p><p aria-label=\"paragrafo - Dal 2020 Co-Chair dell\u2019Alleanza Inter-Parlamentare sulla Cina (IPAC)\">Dal 2020 Co-Chair dell\u2019Alleanza Inter-Parlamentare sulla Cina (IPAC)<\/p><p><a href=\"https:\/\/www.luciomalan.it\/wp-content\/uploads\/2012\/09\/boxnuovo3.jpg\" aria-label=\"vai alla sezione - \">\u00a0\u00a0\u00a0\u00a0<img loading=\"lazy\" decoding=\"async\" class=\"alignnone size-full wp-image-5522\" title=\"boxnuovo3\" src=\"https:\/\/www.luciomalan.it\/wp-content\/uploads\/2012\/09\/boxnuovo3.jpg\" alt=\"\" width=\"250\" height=\"200\" aria-hidden=\"true\" \/>\u00a0\u00a0\u00a0\u00a0<\/a><a href=\"https:\/\/www.luciomalan.it\/la-visita-del-senatore-malan-a-kamza-sulla-stampa-albanese\/lucio-malan_albania_maggio-2017_tv-channel\/\" rel=\"attachment wp-att-26025\" aria-label=\"vai alla sezione - \"><img loading=\"lazy\" decoding=\"async\" class=\"alignleft wp-image-26025\" src=\"https:\/\/www.luciomalan.it\/wp-content\/uploads\/2017\/05\/Lucio-Malan_Albania_maggio-2017_Tv-Channel.jpg\" sizes=\"(max-width: 322px) 100vw, 322px\" srcset=\"https:\/\/www.luciomalan.it\/wp-content\/uploads\/2017\/05\/Lucio-Malan_Albania_maggio-2017_Tv-Channel.jpg 442w, https:\/\/www.luciomalan.it\/wp-content\/uploads\/2017\/05\/Lucio-Malan_Albania_maggio-2017_Tv-Channel-150x90.jpg 150w, https:\/\/www.luciomalan.it\/wp-content\/uploads\/2017\/05\/Lucio-Malan_Albania_maggio-2017_Tv-Channel-300x180.jpg 300w\" alt=\"\" width=\"322\" height=\"193\" aria-hidden=\"true\" \/><\/a>\u00a0<a href=\"https:\/\/www.luciomalan.it\/cnn-italian-lawmakers-and-political-figures-and-american-political-dignitaries-call-for-a-humanitarian-initiative-on-camp-ashraf\/iran_2011_appello-parlamentare-intervento-urgente-camp-ashraf\/\" rel=\"attachment wp-att-21922\" aria-label=\"vai alla sezione - \"><img loading=\"lazy\" decoding=\"async\" class=\"alignleft wp-image-21922\" src=\"https:\/\/www.luciomalan.it\/wp-content\/uploads\/2011\/07\/Iran_2011_Appello-parlamentare-intervento-urgente-Camp-Ashraf.jpg\" sizes=\"(max-width: 291px) 100vw, 291px\" srcset=\"https:\/\/www.luciomalan.it\/wp-content\/uploads\/2011\/07\/Iran_2011_Appello-parlamentare-intervento-urgente-Camp-Ashraf.jpg 400w, https:\/\/www.luciomalan.it\/wp-content\/uploads\/2011\/07\/Iran_2011_Appello-parlamentare-intervento-urgente-Camp-Ashraf-150x100.jpg 150w, https:\/\/www.luciomalan.it\/wp-content\/uploads\/2011\/07\/Iran_2011_Appello-parlamentare-intervento-urgente-Camp-Ashraf-300x200.jpg 300w\" alt=\"\" width=\"291\" height=\"194\" aria-hidden=\"true\" \/><\/a><\/p><p><a href=\"https:\/\/www.luciomalan.it\/jerusalem-post-international-legislators-advocate-for-israel-in-budapest\/israele_gerusalemme-capitale_conferenza-budapest\/\" rel=\"attachment wp-att-21946\" aria-label=\"vai alla sezione - \"><img loading=\"lazy\" decoding=\"async\" class=\"size-full wp-image-21946\" src=\"https:\/\/www.luciomalan.it\/wp-content\/uploads\/2011\/01\/Israele_Gerusalemme-Capitale_Conferenza-Budapest.jpg\" sizes=\"(max-width: 280px) 100vw, 280px\" srcset=\"https:\/\/www.luciomalan.it\/wp-content\/uploads\/2011\/01\/Israele_Gerusalemme-Capitale_Conferenza-Budapest.jpg 280w, https:\/\/www.luciomalan.it\/wp-content\/uploads\/2011\/01\/Israele_Gerusalemme-Capitale_Conferenza-Budapest-150x113.jpg 150w\" alt=\"\" width=\"280\" height=\"210\" aria-hidden=\"true\" \/><\/a><\/p><p>\u00a0<\/p><\/div>\n\t\t\t\t<\/div>\n\t\t\t\t\t\t\t<div class=\"elementor-toggle-item\">\n\t\t\t\t\t<div id=\"elementor-tab-title-6896\" class=\"elementor-tab-title\" data-tab=\"6\" role=\"button\" aria-controls=\"elementor-tab-content-6896\" aria-expanded=\"false\">\n\t\t\t\t\t\t\t\t\t\t\t\t<span class=\"elementor-toggle-icon elementor-toggle-icon-left\" aria-hidden=\"true\">\n\t\t\t\t\t\t\t\t\t\t\t\t\t\t\t<span class=\"elementor-toggle-icon-closed\"><svg class=\"e-font-icon-svg e-fas-caret-right\" viewBox=\"0 0 192 512\" xmlns=\"http:\/\/www.w3.org\/2000\/svg\"><path d=\"M0 384.662V127.338c0-17.818 21.543-26.741 34.142-14.142l128.662 128.662c7.81 7.81 7.81 20.474 0 28.284L34.142 398.804C21.543 411.404 0 402.48 0 384.662z\"><\/path><\/svg><\/span>\n\t\t\t\t\t\t\t\t<span class=\"elementor-toggle-icon-opened\"><svg class=\"elementor-toggle-icon-opened e-font-icon-svg e-fas-caret-up\" viewBox=\"0 0 320 512\" xmlns=\"http:\/\/www.w3.org\/2000\/svg\"><path d=\"M288.662 352H31.338c-17.818 0-26.741-21.543-14.142-34.142l128.662-128.662c7.81-7.81 20.474-7.81 28.284 0l128.662 128.662c12.6 12.599 3.676 34.142-14.142 34.142z\"><\/path><\/svg><\/span>\n\t\t\t\t\t\t\t\t\t\t\t\t\t<\/span>\n\t\t\t\t\t\t\t\t\t\t\t\t<a class=\"elementor-toggle-title\" tabindex=\"0\">ALTRO<\/a>\n\t\t\t\t\t<\/div>\n\n\t\t\t\t\t<div id=\"elementor-tab-content-6896\" class=\"elementor-tab-content elementor-clearfix\" data-tab=\"6\" role=\"region\" aria-labelledby=\"elementor-tab-title-6896\"><p aria-label=\"paragrafo - 1983: Deputato nel Sinodo della Chiesa Valdese.\">1983: Deputato nel Sinodo della Chiesa Valdese.<\/p><p aria-label=\"paragrafo - 1987: Autore del romanzo politico \u201cUna via d\u2019uscita\u201d.\">1987: Autore del romanzo politico \u201cUna via d\u2019uscita\u201d.<\/p><p aria-label=\"paragrafo - 1996: Autore della lettura teatrale \u201cTestimonianza\u201d (1998), rappresentata circa cinquecento volte da dilettanti e, in diverse occasioni, anche da attori professionisti.\">1996: Autore della lettura teatrale \u201cTestimonianza\u201d (1998), rappresentata circa cinquecento volte da dilettanti e, in diverse occasioni, anche da attori professionisti.<\/p><p aria-label=\"paragrafo - 1998-2020: Autore di articoli di argomento politico su vari quotidiani nazionali.\">1998-2020: Autore di articoli di argomento politico su vari quotidiani nazionali.<\/p><p aria-label=\"paragrafo - 2006-2007: Coautore dei libri \u201cPerch\u00e9 la Sinistra non ha vinto\u201d e \u201cUrne tradite\u201d, editi dal quotidiano Libero e dalla Fondazione FREE.\">2006-2007: Coautore dei libri \u201cPerch\u00e9 la Sinistra non ha vinto\u201d e \u201cUrne tradite\u201d, editi dal quotidiano Libero e dalla Fondazione FREE.<\/p><p aria-label=\"paragrafo - Nel 2010 ho esordito come cantante solista in un gruppo di musica celtica. Da allora, con l\u2019Euron Ensemble o in altra formazione ho cantato in oltre cento concerti, in inglese, gaelico, \u201cscozzese\u201d, ebraico, italiano, napoletano e tedesco.\">Nel 2010 ho esordito come cantante solista in un gruppo di musica celtica. Da allora, con l\u2019Euron Ensemble o in altra formazione ho cantato in oltre cento concerti, in inglese, gaelico, \u201cscozzese\u201d, ebraico, italiano, napoletano e tedesco.<\/p><p aria-label=\"paragrafo - Lingue parlate. inglese francese.\nStudio ebraico e spagnolo, suono pianoforte e arpa celtica.\">Lingue parlate. inglese francese.<br \/>Studio ebraico e spagnolo, suono pianoforte e arpa celtica.<\/p><p>\u00a0\u00a0 <img loading=\"lazy\" decoding=\"async\" class=\"alignnone  wp-image-44612\" src=\"https:\/\/test.luciomalan.it\/wp-content\/uploads\/2024\/04\/2020-Lucio-Arpa-768x762-1-300x298.jpg\" alt=\"\" width=\"222\" height=\"220\" srcset=\"https:\/\/test.luciomalan.it\/wp-content\/uploads\/2024\/04\/2020-Lucio-Arpa-768x762-1-300x298.jpg 300w, https:\/\/test.luciomalan.it\/wp-content\/uploads\/2024\/04\/2020-Lucio-Arpa-768x762-1-150x150.jpg 150w, https:\/\/test.luciomalan.it\/wp-content\/uploads\/2024\/04\/2020-Lucio-Arpa-768x762-1-768x762.jpg 768w, https:\/\/test.luciomalan.it\/wp-content\/uploads\/2024\/04\/2020-Lucio-Arpa-768x762-1.jpg 1006w\" sizes=\"(max-width: 222px) 100vw, 222px\" \/> <img loading=\"lazy\" decoding=\"async\" class=\"alignnone  wp-image-44613\" src=\"https:\/\/test.luciomalan.it\/wp-content\/uploads\/2024\/04\/Allegato-di-posta-elettronica-10-1024x683-1-300x200.jpeg\" alt=\"\" width=\"331\" height=\"220\" srcset=\"https:\/\/test.luciomalan.it\/wp-content\/uploads\/2024\/04\/Allegato-di-posta-elettronica-10-1024x683-1-300x200.jpeg 300w, https:\/\/test.luciomalan.it\/wp-content\/uploads\/2024\/04\/Allegato-di-posta-elettronica-10-1024x683-1-1024x681.jpeg 1024w, https:\/\/test.luciomalan.it\/wp-content\/uploads\/2024\/04\/Allegato-di-posta-elettronica-10-1024x683-1-768x511.jpeg 768w, https:\/\/test.luciomalan.it\/wp-content\/uploads\/2024\/04\/Allegato-di-posta-elettronica-10-1024x683-1.jpeg 1500w\" sizes=\"(max-width: 331px) 100vw, 331px\" \/> <img loading=\"lazy\" decoding=\"async\" class=\"alignnone  wp-image-44614\" src=\"https:\/\/test.luciomalan.it\/wp-content\/uploads\/2024\/04\/2016_EDIPI_3-300x200.jpg\" alt=\"\" width=\"331\" height=\"220\" srcset=\"https:\/\/test.luciomalan.it\/wp-content\/uploads\/2024\/04\/2016_EDIPI_3-300x200.jpg 300w, https:\/\/test.luciomalan.it\/wp-content\/uploads\/2024\/04\/2016_EDIPI_3-1024x681.jpg 1024w, https:\/\/test.luciomalan.it\/wp-content\/uploads\/2024\/04\/2016_EDIPI_3-768x511.jpg 768w, https:\/\/test.luciomalan.it\/wp-content\/uploads\/2024\/04\/2016_EDIPI_3.jpg 1500w\" sizes=\"(max-width: 331px) 100vw, 331px\" \/><\/p><\/div>\n\t\t\t\t<\/div>\n\t\t\t\t\t\t\t\t<\/div>\n\t\t\t\t\t\t<\/div>\n\t\t\t\t<\/div>\n\t\t\t\t\t<\/div>\n\t\t\t\t<\/div>\n\t\t<div class=\"elementor-element elementor-element-d9a8759 e-flex e-con-boxed e-con e-parent\" data-id=\"d9a8759\" data-element_type=\"container\">\n\t\t\t\t\t<div class=\"e-con-inner\">\n\t\t\t\t<div class=\"elementor-element elementor-element-fccdf6c elementor-widget elementor-widget-spacer\" data-id=\"fccdf6c\" data-element_type=\"widget\" data-widget_type=\"spacer.default\">\n\t\t\t\t<div class=\"elementor-widget-container\">\n\t\t\t\t\t\t\t<div class=\"elementor-spacer\">\n\t\t\t<div class=\"elementor-spacer-inner\"><\/div>\n\t\t<\/div>\n\t\t\t\t\t\t<\/div>\n\t\t\t\t<\/div>\n\t\t\t\t\t<\/div>\n\t\t\t\t<\/div>\n\t\t\t\t<\/div>\n\t\t","protected":false},"excerpt":{"rendered":"<p>MI PRESENTO Sono nato il 30 Luglio 1960 a Luserna San Giovanni, Val Pellice, in provincia di Torino. Anche se [&hellip;]<\/p>\n","protected":false},"author":1,"featured_media":0,"parent":0,"menu_order":0,"comment_status":"closed","ping_status":"closed","template":"","meta":{"site-sidebar-layout":"no-sidebar","site-content-layout":"","ast-site-content-layout":"full-width-container","site-content-style":"default","site-sidebar-style":"default","ast-global-header-display":"","ast-banner-title-visibility":"","ast-main-header-display":"","ast-hfb-above-header-display":"","ast-hfb-below-header-display":"","ast-hfb-mobile-header-display":"","site-post-title":"disabled","ast-breadcrumbs-content":"","ast-featured-img":"disabled","footer-sml-layout":"","ast-disable-related-posts":"","theme-transparent-header-meta":"","adv-header-id-meta":"","stick-header-meta":"","header-above-stick-meta":"","header-main-stick-meta":"","header-below-stick-meta":"","astra-migrate-meta-layouts":"default","ast-page-background-enabled":"default","ast-page-background-meta":{"desktop":{"background-color":"var(--ast-global-color-4)","background-image":"","background-repeat":"repeat","background-position":"center center","background-size":"auto","background-attachment":"scroll","background-type":"","background-media":"","overlay-type":"","overlay-color":"","overlay-opacity":"","overlay-gradient":""},"tablet":{"background-color":"","background-image":"","background-repeat":"repeat","background-position":"center center","background-size":"auto","background-attachment":"scroll","background-type":"","background-media":"","overlay-type":"","overlay-color":"","overlay-opacity":"","overlay-gradient":""},"mobile":{"background-color":"","background-image":"","background-repeat":"repeat","background-position":"center center","background-size":"auto","background-attachment":"scroll","background-type":"","background-media":"","overlay-type":"","overlay-color":"","overlay-opacity":"","overlay-gradient":""}},"ast-content-background-meta":{"desktop":{"background-color":"var(--ast-global-color-5)","background-image":"","background-repeat":"repeat","background-position":"center center","background-size":"auto","background-attachment":"scroll","background-type":"","background-media":"","overlay-type":"","overlay-color":"","overlay-opacity":"","overlay-gradient":""},"tablet":{"background-color":"var(--ast-global-color-5)","background-image":"","background-repeat":"repeat","background-position":"center center","background-size":"auto","background-attachment":"scroll","background-type":"","background-media":"","overlay-type":"","overlay-color":"","overlay-opacity":"","overlay-gradient":""},"mobile":{"background-color":"var(--ast-global-color-5)","background-image":"","background-repeat":"repeat","background-position":"center center","background-size":"auto","background-attachment":"scroll","background-type":"","background-media":"","overlay-type":"","overlay-color":"","overlay-opacity":"","overlay-gradient":""}},"footnotes":""},"class_list":["post-45","page","type-page","status-publish","hentry"],"_links":{"self":[{"href":"https:\/\/test.luciomalan.it\/index.php\/wp-json\/wp\/v2\/pages\/45","targetHints":{"allow":["GET"]}}],"collection":[{"href":"https:\/\/test.luciomalan.it\/index.php\/wp-json\/wp\/v2\/pages"}],"about":[{"href":"https:\/\/test.luciomalan.it\/index.php\/wp-json\/wp\/v2\/types\/page"}],"author":[{"embeddable":true,"href":"https:\/\/test.luciomalan.it\/index.php\/wp-json\/wp\/v2\/users\/1"}],"replies":[{"embeddable":true,"href":"https:\/\/test.luciomalan.it\/index.php\/wp-json\/wp\/v2\/comments?post=45"}],"version-history":[{"count":13,"href":"https:\/\/test.luciomalan.it\/index.php\/wp-json\/wp\/v2\/pages\/45\/revisions"}],"predecessor-version":[{"id":59638,"href":"https:\/\/test.luciomalan.it\/index.php\/wp-json\/wp\/v2\/pages\/45\/revisions\/59638"}],"wp:attachment":[{"href":"https:\/\/test.luciomalan.it\/index.php\/wp-json\/wp\/v2\/media?parent=45"}],"curies":[{"name":"wp","href":"https:\/\/api.w.org\/{rel}","templated":true}]}}